{"id":2766,"date":"2023-10-02T12:32:57","date_gmt":"2023-10-02T10:32:57","guid":{"rendered":"https:\/\/artgallery-passage.com\/dielo\/e-il-rosso-und-das-rot\/"},"modified":"2023-10-02T12:32:57","modified_gmt":"2023-10-02T10:32:57","slug":"e-il-rosso-a-cervena","status":"publish","type":"product","link":"https:\/\/artgallery-passage.com\/de\/dielo\/e-il-rosso-a-cervena\/","title":{"rendered":"E il rosso &#8222;Und das Rot?&#8220;"},"content":{"rendered":"<p><strong>Autor:<\/strong> D\u00e1\u0161a Kr\u010dm\u00e1rikov\u00e1<br \/>\n<strong>Gr\u00f6\u00dfe: <\/strong>100&#215;100<br \/>\n<strong>Typ:<\/strong> \u00d6l auf Leinwand<br \/>\n<strong>Jahr der Gr\u00fcndung:<\/strong> 2020<\/p>\n<p><strong>Beschreibung:<\/strong><\/p>\n<p>Im Grunde handelt es sich um ein einfaches Spiel der Farbtheorie. W\u00e4hrend in den anderen Gem\u00e4lden der Serie die Farbe Rot mehr oder weniger Fl\u00e4che einnimmt oder durch ihre Ableitungen vertreten ist, fehlt sie in diesem Gem\u00e4lde v\u00f6llig. Dies geht so weit, dass sie in der nat\u00fcrlichen Farbe der Strelitzienbl\u00fcte durch Schwarz ersetzt wurde. Der Titel selbst ist sowohl ein Leitfaden zum Lesen des Gem\u00e4ldes als auch ein Teil davon.<\/p>\n","protected":false},"excerpt":{"rendered":"<p><strong>Autor:<\/strong> D\u00e1\u0161a Kr\u010dm\u00e1rikov\u00e1<br \/>\n<strong>Gr\u00f6\u00dfe: <\/strong>100&#215;100<br \/>\n<strong>Typ:<\/strong> \u00d6l auf Leinwand<\/p>\n","protected":false},"featured_media":2598,"template":"","meta":[],"product_cat":[566],"product_tag":[],"yoast_head":"<!-- This site is optimized with the Yoast SEO plugin v20.3 - https:\/\/yoast.com\/wordpress\/plugins\/seo\/ -->\n<title>E il rosso &quot;Und das Rot?&quot; - ART PASSAGE GALLERY<\/title>\n<meta name=\"robots\" content=\"index, follow, max-snippet:-1, max-image-preview:large, max-video-preview:-1\" \/>\n<link rel=\"canonical\" href=\"https:\/\/artgallery-passage.com\/de\/dielo\/e-il-rosso-a-cervena\/\" \/>\n<meta property=\"og:locale\" content=\"de_DE\" \/>\n<meta property=\"og:type\" content=\"article\" \/>\n<meta property=\"og:title\" content=\"E il rosso &quot;Und das Rot?&quot; - ART PASSAGE GALLERY\" \/>\n<meta property=\"og:description\" content=\"Autor: D\u00e1\u0161a Kr\u010dm\u00e1rikov\u00e1 Gr\u00f6\u00dfe: 100x100 Typ: \u00d6l auf Leinwand\" \/>\n<meta property=\"og:url\" content=\"https:\/\/artgallery-passage.com\/de\/dielo\/e-il-rosso-a-cervena\/\" \/>\n<meta property=\"og:site_name\" content=\"ART PASSAGE GALLERY\" \/>\n<meta property=\"og:image\" content=\"https:\/\/artgallery-passage.com\/wp-content\/uploads\/2023\/10\/E-il-rosso.jpg\" \/>\n\t<meta property=\"og:image:width\" content=\"800\" \/>\n\t<meta property=\"og:image:height\" content=\"800\" \/>\n\t<meta property=\"og:image:type\" content=\"image\/jpeg\" \/>\n<meta name=\"twitter:card\" content=\"summary_large_image\" \/>\n<script type=\"application\/ld+json\" class=\"yoast-schema-graph\">{\"@context\":\"https:\/\/schema.org\",\"@graph\":[{\"@type\":\"WebPage\",\"@id\":\"https:\/\/artgallery-passage.com\/de\/dielo\/e-il-rosso-a-cervena\/\",\"url\":\"https:\/\/artgallery-passage.com\/de\/dielo\/e-il-rosso-a-cervena\/\",\"name\":\"E il rosso \\\"Und das Rot?\\\" - ART PASSAGE GALLERY\",\"isPartOf\":{\"@id\":\"https:\/\/artgallery-passage.com\/de\/#website\"},\"datePublished\":\"2023-10-02T10:32:57+00:00\",\"dateModified\":\"2023-10-02T10:32:57+00:00\",\"breadcrumb\":{\"@id\":\"https:\/\/artgallery-passage.com\/de\/dielo\/e-il-rosso-a-cervena\/#breadcrumb\"},\"inLanguage\":\"de-DE\",\"potentialAction\":[{\"@type\":\"ReadAction\",\"target\":[\"https:\/\/artgallery-passage.com\/de\/dielo\/e-il-rosso-a-cervena\/\"]}]},{\"@type\":\"BreadcrumbList\",\"@id\":\"https:\/\/artgallery-passage.com\/de\/dielo\/e-il-rosso-a-cervena\/#breadcrumb\",\"itemListElement\":[{\"@type\":\"ListItem\",\"position\":1,\"name\":\"Domovsk\u00e1 str\u00e1nka\",\"item\":\"https:\/\/artgallery-passage.com\/de\/\"},{\"@type\":\"ListItem\",\"position\":2,\"name\":\"Werke\",\"item\":\"https:\/\/artgallery-passage.com\/de\/werke\/\"},{\"@type\":\"ListItem\",\"position\":3,\"name\":\"E il rosso &#8222;Und das Rot?&#8220;\"}]},{\"@type\":\"WebSite\",\"@id\":\"https:\/\/artgallery-passage.com\/de\/#website\",\"url\":\"https:\/\/artgallery-passage.com\/de\/\",\"name\":\"ART PASSAGE GALLERY\",\"description\":\"Ru\u010dne ma\u013eovan\u00e9 obrazy\",\"potentialAction\":[{\"@type\":\"SearchAction\",\"target\":{\"@type\":\"EntryPoint\",\"urlTemplate\":\"https:\/\/artgallery-passage.com\/de\/?s={search_term_string}\"},\"query-input\":\"required name=search_term_string\"}],\"inLanguage\":\"de-DE\"}]}<\/script>\n<!-- \/ Yoast SEO plugin. -->","yoast_head_json":{"title":"E il rosso \"Und das Rot?\" - ART PASSAGE GALLERY","robots":{"index":"index","follow":"follow","max-snippet":"max-snippet:-1","max-image-preview":"max-image-preview:large","max-video-preview":"max-video-preview:-1"},"canonical":"https:\/\/artgallery-passage.com\/de\/dielo\/e-il-rosso-a-cervena\/","og_locale":"de_DE","og_type":"article","og_title":"E il rosso \"Und das Rot?\" - ART PASSAGE GALLERY","og_description":"Autor: D\u00e1\u0161a Kr\u010dm\u00e1rikov\u00e1 Gr\u00f6\u00dfe: 100x100 Typ: \u00d6l auf Leinwand","og_url":"https:\/\/artgallery-passage.com\/de\/dielo\/e-il-rosso-a-cervena\/","og_site_name":"ART PASSAGE GALLERY","og_image":[{"width":800,"height":800,"url":"https:\/\/artgallery-passage.com\/wp-content\/uploads\/2023\/10\/E-il-rosso.jpg","type":"image\/jpeg"}],"twitter_card":"summary_large_image","schema":{"@context":"https:\/\/schema.org","@graph":[{"@type":"WebPage","@id":"https:\/\/artgallery-passage.com\/de\/dielo\/e-il-rosso-a-cervena\/","url":"https:\/\/artgallery-passage.com\/de\/dielo\/e-il-rosso-a-cervena\/","name":"E il rosso \"Und das Rot?\" - ART PASSAGE GALLERY","isPartOf":{"@id":"https:\/\/artgallery-passage.com\/de\/#website"},"datePublished":"2023-10-02T10:32:57+00:00","dateModified":"2023-10-02T10:32:57+00:00","breadcrumb":{"@id":"https:\/\/artgallery-passage.com\/de\/dielo\/e-il-rosso-a-cervena\/#breadcrumb"},"inLanguage":"de-DE","potentialAction":[{"@type":"ReadAction","target":["https:\/\/artgallery-passage.com\/de\/dielo\/e-il-rosso-a-cervena\/"]}]},{"@type":"BreadcrumbList","@id":"https:\/\/artgallery-passage.com\/de\/dielo\/e-il-rosso-a-cervena\/#breadcrumb","itemListElement":[{"@type":"ListItem","position":1,"name":"Domovsk\u00e1 str\u00e1nka","item":"https:\/\/artgallery-passage.com\/de\/"},{"@type":"ListItem","position":2,"name":"Werke","item":"https:\/\/artgallery-passage.com\/de\/werke\/"},{"@type":"ListItem","position":3,"name":"E il rosso &#8222;Und das Rot?&#8220;"}]},{"@type":"WebSite","@id":"https:\/\/artgallery-passage.com\/de\/#website","url":"https:\/\/artgallery-passage.com\/de\/","name":"ART PASSAGE GALLERY","description":"Ru\u010dne ma\u013eovan\u00e9 obrazy","potentialAction":[{"@type":"SearchAction","target":{"@type":"EntryPoint","urlTemplate":"https:\/\/artgallery-passage.com\/de\/?s={search_term_string}"},"query-input":"required name=search_term_string"}],"inLanguage":"de-DE"}]}},"_links":{"self":[{"href":"https:\/\/artgallery-passage.com\/de\/wp-json\/wp\/v2\/product\/2766"}],"collection":[{"href":"https:\/\/artgallery-passage.com\/de\/wp-json\/wp\/v2\/product"}],"about":[{"href":"https:\/\/artgallery-passage.com\/de\/wp-json\/wp\/v2\/types\/product"}],"wp:featuredmedia":[{"embeddable":true,"href":"https:\/\/artgallery-passage.com\/de\/wp-json\/wp\/v2\/media\/2598"}],"wp:attachment":[{"href":"https:\/\/artgallery-passage.com\/de\/wp-json\/wp\/v2\/media?parent=2766"}],"wp:term":[{"taxonomy":"product_cat","embeddable":true,"href":"https:\/\/artgallery-passage.com\/de\/wp-json\/wp\/v2\/product_cat?post=2766"},{"taxonomy":"product_tag","embeddable":true,"href":"https:\/\/artgallery-passage.com\/de\/wp-json\/wp\/v2\/product_tag?post=2766"}],"curies":[{"name":"wp","href":"https:\/\/api.w.org\/{rel}","templated":true}]}}